{"id":1222,"date":"2021-01-26T08:53:45","date_gmt":"2021-01-26T07:53:45","guid":{"rendered":"https:\/\/parigi.promoservicebeta.com\/excursions\/trieste\/"},"modified":"2021-01-28T12:25:16","modified_gmt":"2021-01-28T11:25:16","slug":"trieste","status":"publish","type":"excursions","link":"https:\/\/www.parigihotel.it\/de\/excursions\/trieste\/","title":{"rendered":"Trieste"},"content":{"rendered":"<div  class=\"grids-section grids-is-advanced alignfull\" style=\"--_gs-gap-desktop:0px 0px;--_gs-m-desktop:0 0 0 0;--_gs-p-desktop:40px 0 40px 0;--_gs-bg-desktop:transparent none;--_gs-bg-xp-desktop:0px;--_gs-zi-desktop:auto;--_gs-d-desktop:block;--_gs-mw-desktop:calc(100% - 0 - 0);--_gs-gap-tablet:0px 0px;--_gs-m-tablet:0 0 0 0;--_gs-p-tablet:40px 0 40px 0;--_gs-bg-tablet:transparent none;--_gs-bg-xp-tablet:0px;--_gs-zi-tablet:auto;--_gs-d-tablet:block;--_gs-mw-tablet:calc(100% - 0 - 0);--_gs-gap-mobile:0px 0px;--_gs-m-mobile:0 0 0 0;--_gs-p-mobile:40px 0 40px 0;--_gs-bg-mobile:transparent none;--_gs-bg-xp-mobile:0px;--_gs-zi-mobile:auto;--_gs-d-mobile:block;--_gs-mw-mobile:calc(100% - 0 - 0);--_gs-columns:12;--_gs-rows:6\"><div class=\"grids-s-w_i\">\n<div class=\"grids-area\" style=\"--_ga-column:2\/6;--_ga-row:1\/2;--_ga-m-desktop:0 0 0 0;--_ga-p-desktop:0 0 0 0;--_ga-bg-desktop:transparent none;--_ga-zi-desktop:auto;--_ga-d-desktop:flex;--_ga-mw-desktop:calc(100% - 0 - 0);--_ga-m-tablet:0 0 0 0;--_ga-p-tablet:0 0 0 0;--_ga-bg-tablet:transparent none;--_ga-zi-tablet:auto;--_ga-d-tablet:flex;--_ga-mw-tablet:calc(100% - 0 - 0);--_ga-m-mobile:0 0 0 0;--_ga-p-mobile:0 0 0 0;--_ga-bg-mobile:transparent none;--_ga-zi-mobile:auto;--_ga-d-mobile:flex;--_ga-mw-mobile:calc(100% - 0 - 0)\">\n\n<p>W\u00e4hrend eines Spaziergangs durch das Zentrum k\u00f6nnte man manchmal auch vergessen, dass man in Italien ist, wenn einen nicht die Menschen und ihr typisch s\u00fcdl\u00e4ndisches Flair daran erinnern w\u00fcrden. Die Architektur der Pal\u00e4ste im Zentrum \u00e4hnelt oft mehr der von Wien, Prag oder Budapest als der von Venedig, Rom oder Florenz.<\/p>\n\n\n\n<p>Die Bl\u00fctezeit Triests war das 18. und 19. Jahrhundert, als die Stadt mit ihrem gro\u00dfen Hafen den einzigen Zugang \u00d6sterreichs zum Mittelmeer darstellte. Damals l\u00f6ste Triest Venedig in seiner f\u00fchrenden Rolle im Handel mit dem Nahen Osten ab, entwickelte sich zum gr\u00f6\u00dften Handelszentrum der Adria und wurde so immer reicher und m\u00e4chtiger. Die Stadt entwickelte sich auch zu einem internationalen Schmelztiegel, in dem Menschen aus vielen verschiedenen L\u00e4ndern mit verschiedenen Religionen friedlich miteinander lebten, was dem kulturellen Leben der Stadt zu einem enormen Aufschwung verhalf. Um 1900 galt Triest als eines der literarischen Zentren Mitteleuropas.<\/p>\n\n\n\n<p>Das \u00e4nderte sich abrupt im 20. Jahrhundert. Der Zusammenbruch der maroden \u00f6sterreichisch-ungarischen Monarchie im Jahr 1919 und der darauf folgende Anschluss an Italien r\u00fcckte Triest pl\u00f6tzlich in eine zweitrangige Randlage, denn an Mittelmeerh\u00e4fen hat Italien nun wirklich keinen Mangel. <\/p>\n\n\n\n\n\n\n\n\n\n<\/div>\n\n<div class=\"grids-area\" style=\"--_ga-column:8\/12;--_ga-row:1\/2;--_ga-m-desktop:0 0 0 0;--_ga-p-desktop:0 0 0 0;--_ga-bg-desktop:transparent none;--_ga-zi-desktop:auto;--_ga-d-desktop:flex;--_ga-mw-desktop:calc(100% - 0 - 0);--_ga-m-tablet:0 0 0 0;--_ga-p-tablet:0 0 0 0;--_ga-bg-tablet:transparent none;--_ga-zi-tablet:auto;--_ga-d-tablet:flex;--_ga-mw-tablet:calc(100% - 0 - 0);--_ga-m-mobile:0 0 0 0;--_ga-p-mobile:0 0 0 0;--_ga-bg-mobile:transparent none;--_ga-zi-mobile:auto;--_ga-d-mobile:flex;--_ga-mw-mobile:calc(100% - 0 - 0)\">\n\n<p>Au\u00dferdem haben die beiden Weltkriege den Nationalismus der Italiener und der Slawen, die hier eng zusammenleben, derartig erhitzt, dass Triest (und das angrenzende Istrien) bis 1975 zum st\u00e4ndigen Zankapfel zwischen Italien und Jugoslawien wurde.<\/p>\n\n\n\n<p>Durch den kalten Krieg wurde aus der Randlage ein toter Winkel Italiens, da Triest durch die nahe Grenze zu Jugoslawien praktisch kein wirtschaftliches Hinterland mehr besa\u00df. Die Stadt schlitterte in eine Krise, die Jugendlichen wanderten ab, weil sie hier keine Zukunft mehr sahen und Triest wurde die Stadt mit dem h\u00f6chsten Durchschnittsalter Italiens.<\/p>\n\n\n\n<p>Heute beginnt sich Triest wieder zu erholen: die Stadt beginnt, ihre Stellung als Vorteil zu begreifen und zu nutzen, denn sie stellt in der Tat das Tor Italiens zu Osteuropa dar. Der Reiz der Stadt f\u00fcr den Besucher liegt nicht nur in den Zeugnissen der habsburgischen und der multikulturellen Vergangenheit, sondern vor allem in der Mischung, die diese Vergangenheit mit der italienischen Gegenwart eingegangen ist.<\/p>\n\n\n\n\n\n\n\n\n\n\n\n\n\n<\/div>\n<\/div><\/div>\n\n<div  class=\"grids-section grids-is-advanced alignfull\" style=\"--_gs-gap-desktop:0px 0px;--_gs-m-desktop:0 0 0 0;--_gs-p-desktop:0 0 0 0;--_gs-bg-desktop:transparent none;--_gs-bg-xp-desktop:0px;--_gs-zi-desktop:auto;--_gs-d-desktop:block;--_gs-mw-desktop:calc(100% - 0 - 0);--_gs-gap-tablet:0px 0px;--_gs-m-tablet:0 0 0 0;--_gs-p-tablet:0 0 0 0;--_gs-bg-tablet:transparent none;--_gs-bg-xp-tablet:0px;--_gs-zi-tablet:auto;--_gs-d-tablet:block;--_gs-mw-tablet:calc(100% - 0 - 0);--_gs-gap-mobile:0px 0px;--_gs-m-mobile:0 0 0 0;--_gs-p-mobile:0 0 0 0;--_gs-bg-mobile:transparent none;--_gs-bg-xp-mobile:0px;--_gs-zi-mobile:auto;--_gs-d-mobile:block;--_gs-mw-mobile:calc(100% - 0 - 0);--_gs-columns:12;--_gs-rows:6\"><div class=\"grids-s-w_i\">\n<div class=\"grids-area\" style=\"--_ga-column:2\/12;--_ga-row:1\/2;--_ga-m-desktop:0 0 0 0;--_ga-p-desktop:0 0 0 0;--_ga-bg-desktop:transparent none;--_ga-zi-desktop:auto;--_ga-d-desktop:flex;--_ga-mw-desktop:calc(100% - 0 - 0);--_ga-m-tablet:0 0 0 0;--_ga-p-tablet:0 0 0 0;--_ga-bg-tablet:transparent none;--_ga-zi-tablet:auto;--_ga-d-tablet:flex;--_ga-mw-tablet:calc(100% - 0 - 0);--_ga-m-mobile:0 0 0 0;--_ga-p-mobile:0 0 0 0;--_ga-bg-mobile:transparent none;--_ga-zi-mobile:auto;--_ga-d-mobile:flex;--_ga-mw-mobile:calc(100% - 0 - 0)\">\n\n<figure class=\"wp-block-gallery columns-4 is-cropped wp-block-gallery-2\"><ul class=\"blocks-gallery-grid\"><li class=\"blocks-gallery-item\"><figure><img loading=\"lazy\" decoding=\"async\" width=\"1024\" height=\"683\" src=\"https:\/\/parigihotel.it\/wp-content\/uploads\/2021\/01\/Trieste_golfo-1024x683.jpg\" alt=\"\" data-id=\"342\" data-full-url=\"https:\/\/parigihotel.it\/wp-content\/uploads\/2021\/01\/Trieste_golfo.jpg\" data-link=\"https:\/\/parigihotel.it\/it\/escursioni\/trieste\/trieste_golfo\/\" class=\"wp-image-1005\" srcset=\"https:\/\/www.parigihotel.it\/wp-content\/uploads\/2021\/01\/Trieste_golfo-1024x683.jpg 1024w, https:\/\/www.parigihotel.it\/wp-content\/uploads\/2021\/01\/Trieste_golfo-300x200.jpg 300w, https:\/\/www.parigihotel.it\/wp-content\/uploads\/2021\/01\/Trieste_golfo-768x512.jpg 768w, https:\/\/www.parigihotel.it\/wp-content\/uploads\/2021\/01\/Trieste_golfo.jpg 1200w\" sizes=\"auto, (max-width: 1024px) 100vw, 1024px\" \/><\/figure><\/li><li class=\"blocks-gallery-item\"><figure><img loading=\"lazy\" decoding=\"async\" width=\"1000\" height=\"621\" src=\"https:\/\/parigihotel.it\/wp-content\/uploads\/2021\/01\/Trieste_piazza-dell-unita-d-italia-trieste-itlay-2.jpg\" alt=\"\" data-id=\"344\" data-full-url=\"https:\/\/parigihotel.it\/wp-content\/uploads\/2021\/01\/Trieste_piazza-dell-unita-d-italia-trieste-itlay-2.jpg\" data-link=\"https:\/\/parigihotel.it\/it\/escursioni\/trieste\/trieste_piazza-dell-unita-d-italia-trieste-itlay-2\/\" class=\"wp-image-1006\" srcset=\"https:\/\/www.parigihotel.it\/wp-content\/uploads\/2021\/01\/Trieste_piazza-dell-unita-d-italia-trieste-itlay-2.jpg 1000w, https:\/\/www.parigihotel.it\/wp-content\/uploads\/2021\/01\/Trieste_piazza-dell-unita-d-italia-trieste-itlay-2-300x186.jpg 300w, https:\/\/www.parigihotel.it\/wp-content\/uploads\/2021\/01\/Trieste_piazza-dell-unita-d-italia-trieste-itlay-2-768x477.jpg 768w\" sizes=\"auto, (max-width: 1000px) 100vw, 1000px\" \/><\/figure><\/li><li class=\"blocks-gallery-item\"><figure><img loading=\"lazy\" decoding=\"async\" width=\"1024\" height=\"683\" src=\"https:\/\/parigihotel.it\/wp-content\/uploads\/2021\/01\/Trieste_tramonto-1024x683.jpg\" alt=\"\" data-id=\"346\" data-full-url=\"https:\/\/parigihotel.it\/wp-content\/uploads\/2021\/01\/Trieste_tramonto.jpg\" data-link=\"https:\/\/parigihotel.it\/it\/escursioni\/trieste\/trieste_tramonto\/\" class=\"wp-image-1007\" srcset=\"https:\/\/www.parigihotel.it\/wp-content\/uploads\/2021\/01\/Trieste_tramonto-1024x683.jpg 1024w, https:\/\/www.parigihotel.it\/wp-content\/uploads\/2021\/01\/Trieste_tramonto-300x200.jpg 300w, https:\/\/www.parigihotel.it\/wp-content\/uploads\/2021\/01\/Trieste_tramonto-768x512.jpg 768w, https:\/\/www.parigihotel.it\/wp-content\/uploads\/2021\/01\/Trieste_tramonto.jpg 1200w\" sizes=\"auto, (max-width: 1024px) 100vw, 1024px\" \/><\/figure><\/li><li class=\"blocks-gallery-item\"><figure><img loading=\"lazy\" decoding=\"async\" width=\"1024\" height=\"683\" src=\"https:\/\/parigihotel.it\/wp-content\/uploads\/2021\/01\/Trieste_trieste-at-night-1024x683.jpg\" alt=\"\" data-id=\"348\" data-full-url=\"https:\/\/parigihotel.it\/wp-content\/uploads\/2021\/01\/Trieste_trieste-at-night.jpg\" data-link=\"https:\/\/parigihotel.it\/it\/escursioni\/trieste\/trieste_trieste-at-night\/\" class=\"wp-image-1008 is-layout-flex wp-block-gallery-is-layout-flex\" srcset=\"https:\/\/www.parigihotel.it\/wp-content\/uploads\/2021\/01\/Trieste_trieste-at-night-1024x683.jpg 1024w, https:\/\/www.parigihotel.it\/wp-content\/uploads\/2021\/01\/Trieste_trieste-at-night-300x200.jpg 300w, https:\/\/www.parigihotel.it\/wp-content\/uploads\/2021\/01\/Trieste_trieste-at-night-768x512.jpg 768w, https:\/\/www.parigihotel.it\/wp-content\/uploads\/2021\/01\/Trieste_trieste-at-night.jpg 1200w\" sizes=\"auto, (max-width: 1024px) 100vw, 1024px\" \/><\/figure><\/li><\/ul><\/figure>\n\n<\/div>\n<\/div><\/div>","protected":false},"excerpt":{"rendered":"<p>Triest war von 1382 bis 1919, mit kurzen Unterbrechungen, unter habsburgisch-\u00f6sterreichischer Herrschaft und diese 500 Jahre haben im Stadtbild ihre Spuren hinterlassen.<\/p>\n","protected":false},"author":1,"featured_media":1004,"template":"","meta":{"_acf_changed":false,"_uag_custom_page_level_css":"","advgb_blocks_editor_width":"","advgb_blocks_columns_visual_guide":"","footnotes":""},"class_list":["post-1222","excursions","type-excursions","status-publish","has-post-thumbnail","hentry","entry"],"acf":[],"yoast_head":"<!-- This site is optimized with the Yoast SEO plugin v25.7 - https:\/\/yoast.com\/wordpress\/plugins\/seo\/ -->\n<title>Trieste | Hotel Parigi | Im zentrum Bibione und in strandn\u00e4he<\/title>\n<meta name=\"description\" content=\"Das selbe Meer verbindet Bibione in Venetien und Triest in Friaul, spektakul\u00e4re Kreuzung von V\u00f6lkern, Kulturen und Religionen.\" \/>\n<meta name=\"robots\" content=\"index, follow, max-snippet:-1, max-image-preview:large, max-video-preview:-1\" \/>\n<link rel=\"canonical\" href=\"https:\/\/www.parigihotel.it\/de\/excursions\/trieste\/\" \/>\n<meta property=\"og:locale\" content=\"de_DE\" \/>\n<meta property=\"og:type\" content=\"article\" \/>\n<meta property=\"og:title\" content=\"Trieste | Hotel Parigi | Im zentrum Bibione und in strandn\u00e4he\" \/>\n<meta property=\"og:description\" content=\"Das selbe Meer verbindet Bibione in Venetien und Triest in Friaul, spektakul\u00e4re Kreuzung von V\u00f6lkern, Kulturen und Religionen.\" \/>\n<meta property=\"og:url\" content=\"https:\/\/www.parigihotel.it\/de\/excursions\/trieste\/\" \/>\n<meta property=\"og:site_name\" content=\"Hotel Parigi\" \/>\n<meta property=\"article:modified_time\" content=\"2021-01-28T11:25:16+00:00\" \/>\n<meta property=\"og:image\" content=\"https:\/\/www.parigihotel.it\/wp-content\/uploads\/2021\/01\/cover-piazza-Repubblica-Trieste-2.jpg\" \/>\n\t<meta property=\"og:image:width\" content=\"2000\" \/>\n\t<meta property=\"og:image:height\" content=\"680\" \/>\n\t<meta property=\"og:image:type\" content=\"image\/jpeg\" \/>\n<meta name=\"twitter:card\" content=\"summary_large_image\" \/>\n<meta name=\"twitter:label1\" content=\"Gesch\u00e4tzte Lesezeit\" \/>\n\t<meta name=\"twitter:data1\" content=\"3\u00a0Minuten\" \/>\n<script type=\"application\/ld+json\" class=\"yoast-schema-graph\">{\"@context\":\"https:\/\/schema.org\",\"@graph\":[{\"@type\":\"WebPage\",\"@id\":\"https:\/\/www.parigihotel.it\/de\/excursions\/trieste\/\",\"url\":\"https:\/\/www.parigihotel.it\/de\/excursions\/trieste\/\",\"name\":\"Trieste | Hotel Parigi | Im zentrum Bibione und in strandn\u00e4he\",\"isPartOf\":{\"@id\":\"https:\/\/www.parigihotel.it\/de\/#website\"},\"primaryImageOfPage\":{\"@id\":\"https:\/\/www.parigihotel.it\/de\/excursions\/trieste\/#primaryimage\"},\"image\":{\"@id\":\"https:\/\/www.parigihotel.it\/de\/excursions\/trieste\/#primaryimage\"},\"thumbnailUrl\":\"https:\/\/www.parigihotel.it\/wp-content\/uploads\/2021\/01\/cover-piazza-Repubblica-Trieste-2.jpg\",\"datePublished\":\"2021-01-26T07:53:45+00:00\",\"dateModified\":\"2021-01-28T11:25:16+00:00\",\"description\":\"Das selbe Meer verbindet Bibione in Venetien und Triest in Friaul, spektakul\u00e4re Kreuzung von V\u00f6lkern, Kulturen und Religionen.\",\"breadcrumb\":{\"@id\":\"https:\/\/www.parigihotel.it\/de\/excursions\/trieste\/#breadcrumb\"},\"inLanguage\":\"de\",\"potentialAction\":[{\"@type\":\"ReadAction\",\"target\":[\"https:\/\/www.parigihotel.it\/de\/excursions\/trieste\/\"]}]},{\"@type\":\"ImageObject\",\"inLanguage\":\"de\",\"@id\":\"https:\/\/www.parigihotel.it\/de\/excursions\/trieste\/#primaryimage\",\"url\":\"https:\/\/www.parigihotel.it\/wp-content\/uploads\/2021\/01\/cover-piazza-Repubblica-Trieste-2.jpg\",\"contentUrl\":\"https:\/\/www.parigihotel.it\/wp-content\/uploads\/2021\/01\/cover-piazza-Repubblica-Trieste-2.jpg\",\"width\":2000,\"height\":680},{\"@type\":\"BreadcrumbList\",\"@id\":\"https:\/\/www.parigihotel.it\/de\/excursions\/trieste\/#breadcrumb\",\"itemListElement\":[{\"@type\":\"ListItem\",\"position\":1,\"name\":\"Home\",\"item\":\"https:\/\/www.parigihotel.it\/de\/\"},{\"@type\":\"ListItem\",\"position\":2,\"name\":\"Trieste\"}]},{\"@type\":\"WebSite\",\"@id\":\"https:\/\/www.parigihotel.it\/de\/#website\",\"url\":\"https:\/\/www.parigihotel.it\/de\/\",\"name\":\"Hotel Parigi\",\"description\":\"Im zentrum Bibione und in strandn\u00e4he\",\"publisher\":{\"@id\":\"https:\/\/www.parigihotel.it\/de\/#organization\"},\"potentialAction\":[{\"@type\":\"SearchAction\",\"target\":{\"@type\":\"EntryPoint\",\"urlTemplate\":\"https:\/\/www.parigihotel.it\/de\/?s={search_term_string}\"},\"query-input\":{\"@type\":\"PropertyValueSpecification\",\"valueRequired\":true,\"valueName\":\"search_term_string\"}}],\"inLanguage\":\"de\"},{\"@type\":\"Organization\",\"@id\":\"https:\/\/www.parigihotel.it\/de\/#organization\",\"name\":\"Hotel Parigi - Bibione (VE)\",\"url\":\"https:\/\/www.parigihotel.it\/de\/\",\"logo\":{\"@type\":\"ImageObject\",\"inLanguage\":\"de\",\"@id\":\"https:\/\/www.parigihotel.it\/de\/#\/schema\/logo\/image\/\",\"url\":\"https:\/\/parigihotel.it\/wp-content\/uploads\/2021\/01\/logo-footer.png\",\"contentUrl\":\"https:\/\/parigihotel.it\/wp-content\/uploads\/2021\/01\/logo-footer.png\",\"width\":548,\"height\":148,\"caption\":\"Hotel Parigi - Bibione (VE)\"},\"image\":{\"@id\":\"https:\/\/www.parigihotel.it\/de\/#\/schema\/logo\/image\/\"}}]}<\/script>\n<!-- \/ Yoast SEO plugin. -->","yoast_head_json":{"title":"Trieste | Hotel Parigi | Im zentrum Bibione und in strandn\u00e4he","description":"Das selbe Meer verbindet Bibione in Venetien und Triest in Friaul, spektakul\u00e4re Kreuzung von V\u00f6lkern, Kulturen und Religionen.","robots":{"index":"index","follow":"follow","max-snippet":"max-snippet:-1","max-image-preview":"max-image-preview:large","max-video-preview":"max-video-preview:-1"},"canonical":"https:\/\/www.parigihotel.it\/de\/excursions\/trieste\/","og_locale":"de_DE","og_type":"article","og_title":"Trieste | Hotel Parigi | Im zentrum Bibione und in strandn\u00e4he","og_description":"Das selbe Meer verbindet Bibione in Venetien und Triest in Friaul, spektakul\u00e4re Kreuzung von V\u00f6lkern, Kulturen und Religionen.","og_url":"https:\/\/www.parigihotel.it\/de\/excursions\/trieste\/","og_site_name":"Hotel Parigi","article_modified_time":"2021-01-28T11:25:16+00:00","og_image":[{"width":2000,"height":680,"url":"https:\/\/www.parigihotel.it\/wp-content\/uploads\/2021\/01\/cover-piazza-Repubblica-Trieste-2.jpg","type":"image\/jpeg"}],"twitter_card":"summary_large_image","twitter_misc":{"Gesch\u00e4tzte Lesezeit":"3\u00a0Minuten"},"schema":{"@context":"https:\/\/schema.org","@graph":[{"@type":"WebPage","@id":"https:\/\/www.parigihotel.it\/de\/excursions\/trieste\/","url":"https:\/\/www.parigihotel.it\/de\/excursions\/trieste\/","name":"Trieste | Hotel Parigi | Im zentrum Bibione und in strandn\u00e4he","isPartOf":{"@id":"https:\/\/www.parigihotel.it\/de\/#website"},"primaryImageOfPage":{"@id":"https:\/\/www.parigihotel.it\/de\/excursions\/trieste\/#primaryimage"},"image":{"@id":"https:\/\/www.parigihotel.it\/de\/excursions\/trieste\/#primaryimage"},"thumbnailUrl":"https:\/\/www.parigihotel.it\/wp-content\/uploads\/2021\/01\/cover-piazza-Repubblica-Trieste-2.jpg","datePublished":"2021-01-26T07:53:45+00:00","dateModified":"2021-01-28T11:25:16+00:00","description":"Das selbe Meer verbindet Bibione in Venetien und Triest in Friaul, spektakul\u00e4re Kreuzung von V\u00f6lkern, Kulturen und Religionen.","breadcrumb":{"@id":"https:\/\/www.parigihotel.it\/de\/excursions\/trieste\/#breadcrumb"},"inLanguage":"de","potentialAction":[{"@type":"ReadAction","target":["https:\/\/www.parigihotel.it\/de\/excursions\/trieste\/"]}]},{"@type":"ImageObject","inLanguage":"de","@id":"https:\/\/www.parigihotel.it\/de\/excursions\/trieste\/#primaryimage","url":"https:\/\/www.parigihotel.it\/wp-content\/uploads\/2021\/01\/cover-piazza-Repubblica-Trieste-2.jpg","contentUrl":"https:\/\/www.parigihotel.it\/wp-content\/uploads\/2021\/01\/cover-piazza-Repubblica-Trieste-2.jpg","width":2000,"height":680},{"@type":"BreadcrumbList","@id":"https:\/\/www.parigihotel.it\/de\/excursions\/trieste\/#breadcrumb","itemListElement":[{"@type":"ListItem","position":1,"name":"Home","item":"https:\/\/www.parigihotel.it\/de\/"},{"@type":"ListItem","position":2,"name":"Trieste"}]},{"@type":"WebSite","@id":"https:\/\/www.parigihotel.it\/de\/#website","url":"https:\/\/www.parigihotel.it\/de\/","name":"Hotel Parigi","description":"Im zentrum Bibione und in strandn\u00e4he","publisher":{"@id":"https:\/\/www.parigihotel.it\/de\/#organization"},"potentialAction":[{"@type":"SearchAction","target":{"@type":"EntryPoint","urlTemplate":"https:\/\/www.parigihotel.it\/de\/?s={search_term_string}"},"query-input":{"@type":"PropertyValueSpecification","valueRequired":true,"valueName":"search_term_string"}}],"inLanguage":"de"},{"@type":"Organization","@id":"https:\/\/www.parigihotel.it\/de\/#organization","name":"Hotel Parigi - Bibione (VE)","url":"https:\/\/www.parigihotel.it\/de\/","logo":{"@type":"ImageObject","inLanguage":"de","@id":"https:\/\/www.parigihotel.it\/de\/#\/schema\/logo\/image\/","url":"https:\/\/parigihotel.it\/wp-content\/uploads\/2021\/01\/logo-footer.png","contentUrl":"https:\/\/parigihotel.it\/wp-content\/uploads\/2021\/01\/logo-footer.png","width":548,"height":148,"caption":"Hotel Parigi - Bibione (VE)"},"image":{"@id":"https:\/\/www.parigihotel.it\/de\/#\/schema\/logo\/image\/"}}]}},"uagb_featured_image_src":{"full":["https:\/\/www.parigihotel.it\/wp-content\/uploads\/2021\/01\/cover-piazza-Repubblica-Trieste-2.jpg",2000,680,false],"thumbnail":["https:\/\/www.parigihotel.it\/wp-content\/uploads\/2021\/01\/cover-piazza-Repubblica-Trieste-2-150x150.jpg",150,150,true],"medium":["https:\/\/www.parigihotel.it\/wp-content\/uploads\/2021\/01\/cover-piazza-Repubblica-Trieste-2-300x102.jpg",300,102,true],"medium_large":["https:\/\/www.parigihotel.it\/wp-content\/uploads\/2021\/01\/cover-piazza-Repubblica-Trieste-2-768x261.jpg",750,255,true],"large":["https:\/\/www.parigihotel.it\/wp-content\/uploads\/2021\/01\/cover-piazza-Repubblica-Trieste-2-1024x348.jpg",750,255,true],"1536x1536":["https:\/\/www.parigihotel.it\/wp-content\/uploads\/2021\/01\/cover-piazza-Repubblica-Trieste-2-1536x522.jpg",1536,522,true],"2048x2048":["https:\/\/www.parigihotel.it\/wp-content\/uploads\/2021\/01\/cover-piazza-Repubblica-Trieste-2.jpg",2000,680,false],"post-thumbnail":["https:\/\/www.parigihotel.it\/wp-content\/uploads\/2021\/01\/cover-piazza-Repubblica-Trieste-2-1568x533.jpg",1568,533,true]},"uagb_author_info":{"display_name":"h0t3l-p4r1","author_link":"https:\/\/www.parigihotel.it\/de\/author\/h0t3l-p4r1\/"},"uagb_comment_info":0,"uagb_excerpt":"Triest war von 1382 bis 1919, mit kurzen Unterbrechungen, unter habsburgisch-\u00f6sterreichischer Herrschaft und diese 500 Jahre haben im Stadtbild ihre Spuren hinterlassen.","featured_img":"https:\/\/www.parigihotel.it\/wp-content\/uploads\/2021\/01\/cover-piazza-Repubblica-Trieste-2-1568x533.jpg","coauthors":[],"author_meta":{"author_link":"https:\/\/www.parigihotel.it\/de\/author\/h0t3l-p4r1\/","display_name":"h0t3l-p4r1"},"relative_dates":{"created":"Posted 5\u00a0Jahren ago","modified":"Updated 5\u00a0Jahren ago"},"absolute_dates":{"created":"Posted on 26 Januar 2021","modified":"Updated on 28 Januar 2021"},"absolute_dates_time":{"created":"Posted on 26 Januar 2021 8:53","modified":"Updated on 28 Januar 2021 12:25"},"featured_img_caption":"","tax_additional":{"translation_priority":{"linked":["<a href=\"https:\/\/www.parigihotel.it\/de\/?taxonomy=translation_priority&#038;term=optional-de\" class=\"advgb-post-tax-term\">Optional<\/a>"],"unlinked":["<span class=\"advgb-post-tax-term\">Optional<\/span>"],"slug":"translation_priority","name":"\u00dcbersetzungspriorit\u00e4ten"}},"series_order":"","_links":{"self":[{"href":"https:\/\/www.parigihotel.it\/de\/wp-json\/wp\/v2\/excursions\/1222","targetHints":{"allow":["GET"]}}],"collection":[{"href":"https:\/\/www.parigihotel.it\/de\/wp-json\/wp\/v2\/excursions"}],"about":[{"href":"https:\/\/www.parigihotel.it\/de\/wp-json\/wp\/v2\/types\/excursions"}],"author":[{"embeddable":true,"href":"https:\/\/www.parigihotel.it\/de\/wp-json\/wp\/v2\/users\/1"}],"version-history":[{"count":0,"href":"https:\/\/www.parigihotel.it\/de\/wp-json\/wp\/v2\/excursions\/1222\/revisions"}],"wp:featuredmedia":[{"embeddable":true,"href":"https:\/\/www.parigihotel.it\/de\/wp-json\/wp\/v2\/media\/1004"}],"wp:attachment":[{"href":"https:\/\/www.parigihotel.it\/de\/wp-json\/wp\/v2\/media?parent=1222"}],"curies":[{"name":"wp","href":"https:\/\/api.w.org\/{rel}","templated":true}]}}