{"id":905,"date":"2021-01-26T10:18:50","date_gmt":"2021-01-26T09:18:50","guid":{"rendered":"https:\/\/parigi.promoservicebeta.com\/excursions\/villa-manin\/"},"modified":"2021-01-28T11:30:06","modified_gmt":"2021-01-28T10:30:06","slug":"villa-manin","status":"publish","type":"excursions","link":"https:\/\/www.parigihotel.it\/de\/excursions\/villa-manin\/","title":{"rendered":"Villa Manin"},"content":{"rendered":"<div  class=\"grids-section grids-is-advanced alignfull\" style=\"--_gs-gap-desktop:0px 0px;--_gs-m-desktop:0 0 0 0;--_gs-p-desktop:40px 0 40px 0;--_gs-bg-desktop:transparent none;--_gs-bg-xp-desktop:0px;--_gs-zi-desktop:auto;--_gs-d-desktop:block;--_gs-mw-desktop:calc(100% - 0 - 0);--_gs-gap-tablet:0px 0px;--_gs-m-tablet:0 0 0 0;--_gs-p-tablet:40px 0 40px 0;--_gs-bg-tablet:transparent none;--_gs-bg-xp-tablet:0px;--_gs-zi-tablet:auto;--_gs-d-tablet:block;--_gs-mw-tablet:calc(100% - 0 - 0);--_gs-gap-mobile:0px 0px;--_gs-m-mobile:0 0 0 0;--_gs-p-mobile:40px 0 40px 0;--_gs-bg-mobile:transparent none;--_gs-bg-xp-mobile:0px;--_gs-zi-mobile:auto;--_gs-d-mobile:block;--_gs-mw-mobile:calc(100% - 0 - 0);--_gs-columns:12;--_gs-rows:6\"><div class=\"grids-s-w_i\">\n<div class=\"grids-area\" style=\"--_ga-column:2\/6;--_ga-row:1\/2;--_ga-m-desktop:0 0 0 0;--_ga-p-desktop:0 0 0 0;--_ga-bg-desktop:transparent none;--_ga-zi-desktop:auto;--_ga-d-desktop:flex;--_ga-mw-desktop:calc(100% - 0 - 0);--_ga-m-tablet:0 0 0 0;--_ga-p-tablet:0 0 0 0;--_ga-bg-tablet:transparent none;--_ga-zi-tablet:auto;--_ga-d-tablet:flex;--_ga-mw-tablet:calc(100% - 0 - 0);--_ga-m-mobile:0 0 0 0;--_ga-p-mobile:0 0 0 0;--_ga-bg-mobile:transparent none;--_ga-zi-mobile:auto;--_ga-d-mobile:flex;--_ga-mw-mobile:calc(100% - 0 - 0)\">\n\n<p>Einen Besuch ist die herrliche Villa Manin, die Sommerresidenz des letzten venezianischen Dogen, unbedingt wert: Sch\u00f6nheit, Geschichte und architektonische Vollkommenheit sind in dieser im 17. Jh. erbauten Adelsvilla vereint, die ein reizvoller Park mit B\u00e4umen aus aller Welt schm\u00fcckt.<\/p>\n\n\n\n<p>Die Villa hospitiert au\u00dferdem Gro\u00dfevents und Konzerte, den Regionalverband der lokalen Fremdenverkehrsvereine (mit Infopoint) und das Regionale Zentrum f\u00fcr die Katalogisierung und Restaurierung des kulturellen Erbes und die Azienda Speciale Villa Manin, die in den eleganten, mit Fresken geschm\u00fcckten Salons Kunstausstellungen von hohem Niveau organisiert.<\/p>\n\n<\/div>\n\n<div class=\"grids-area\" style=\"--_ga-column:8\/12;--_ga-row:1\/2;--_ga-m-desktop:0 0 0 0;--_ga-p-desktop:0 0 0 0;--_ga-bg-desktop:transparent none;--_ga-zi-desktop:auto;--_ga-d-desktop:flex;--_ga-mw-desktop:calc(100% - 0 - 0);--_ga-m-tablet:0 0 0 0;--_ga-p-tablet:0 0 0 0;--_ga-bg-tablet:transparent none;--_ga-zi-tablet:auto;--_ga-d-tablet:flex;--_ga-mw-tablet:calc(100% - 0 - 0);--_ga-m-mobile:0 0 0 0;--_ga-p-mobile:0 0 0 0;--_ga-bg-mobile:transparent none;--_ga-zi-mobile:auto;--_ga-d-mobile:flex;--_ga-mw-mobile:calc(100% - 0 - 0)\">\n\n<p>In einem Raum sind die Originalm\u00f6bel Napoleons Schlafzimmers zu sehen: hier unterzeichnete der Feldherr 1797 den Vertrag von Campoformido, der das Ende der Republik Venedig sanktionierte.<\/p>\n\n<\/div>\n<\/div><\/div>\n\n<div  class=\"grids-section grids-is-advanced alignfull\" style=\"--_gs-gap-desktop:0px 0px;--_gs-m-desktop:0 0 0 0;--_gs-p-desktop:0 0 0 0;--_gs-bg-desktop:transparent none;--_gs-bg-xp-desktop:0px;--_gs-zi-desktop:auto;--_gs-d-desktop:block;--_gs-mw-desktop:calc(100% - 0 - 0);--_gs-gap-tablet:0px 0px;--_gs-m-tablet:0 0 0 0;--_gs-p-tablet:0 0 0 0;--_gs-bg-tablet:transparent none;--_gs-bg-xp-tablet:0px;--_gs-zi-tablet:auto;--_gs-d-tablet:block;--_gs-mw-tablet:calc(100% - 0 - 0);--_gs-gap-mobile:0px 0px;--_gs-m-mobile:0 0 0 0;--_gs-p-mobile:0 0 0 0;--_gs-bg-mobile:transparent none;--_gs-bg-xp-mobile:0px;--_gs-zi-mobile:auto;--_gs-d-mobile:block;--_gs-mw-mobile:calc(100% - 0 - 0);--_gs-columns:12;--_gs-rows:6\"><div class=\"grids-s-w_i\">\n<div class=\"grids-area\" style=\"--_ga-column:2\/12;--_ga-row:1\/2;--_ga-m-desktop:0 0 0 0;--_ga-p-desktop:0 0 0 0;--_ga-bg-desktop:transparent none;--_ga-zi-desktop:auto;--_ga-d-desktop:flex;--_ga-mw-desktop:calc(100% - 0 - 0);--_ga-m-tablet:0 0 0 0;--_ga-p-tablet:0 0 0 0;--_ga-bg-tablet:transparent none;--_ga-zi-tablet:auto;--_ga-d-tablet:flex;--_ga-mw-tablet:calc(100% - 0 - 0);--_ga-m-mobile:0 0 0 0;--_ga-p-mobile:0 0 0 0;--_ga-bg-mobile:transparent none;--_ga-zi-mobile:auto;--_ga-d-mobile:flex;--_ga-mw-mobile:calc(100% - 0 - 0)\">\n\n<figure class=\"wp-block-gallery columns-4 is-cropped wp-block-gallery-2\"><ul class=\"blocks-gallery-grid\"><li class=\"blocks-gallery-item\"><figure><img loading=\"lazy\" decoding=\"async\" width=\"512\" height=\"313\" src=\"https:\/\/parigihotel.it\/wp-content\/uploads\/2021\/01\/Villa_manin_aerea.jpg\" alt=\"\" data-id=\"404\" data-full-url=\"https:\/\/parigihotel.it\/wp-content\/uploads\/2021\/01\/Villa_manin_aerea.jpg\" data-link=\"https:\/\/parigihotel.it\/it\/escursioni\/villa-manin\/villa_manin_aerea\/\" class=\"wp-image-919\" srcset=\"https:\/\/www.parigihotel.it\/wp-content\/uploads\/2021\/01\/Villa_manin_aerea.jpg 512w, https:\/\/www.parigihotel.it\/wp-content\/uploads\/2021\/01\/Villa_manin_aerea-300x183.jpg 300w\" sizes=\"auto, (max-width: 512px) 100vw, 512px\" \/><\/figure><\/li><li class=\"blocks-gallery-item\"><figure><img loading=\"lazy\" decoding=\"async\" width=\"1024\" height=\"576\" src=\"https:\/\/parigihotel.it\/wp-content\/uploads\/2021\/01\/Villa_manin_parco_fiori-1024x576.jpg\" alt=\"\" data-id=\"406\" data-full-url=\"https:\/\/parigihotel.it\/wp-content\/uploads\/2021\/01\/Villa_manin_parco_fiori.jpg\" data-link=\"https:\/\/parigihotel.it\/it\/escursioni\/villa-manin\/villa_manin_parco_fiori\/\" class=\"wp-image-920\" srcset=\"https:\/\/www.parigihotel.it\/wp-content\/uploads\/2021\/01\/Villa_manin_parco_fiori-1024x576.jpg 1024w, https:\/\/www.parigihotel.it\/wp-content\/uploads\/2021\/01\/Villa_manin_parco_fiori-300x169.jpg 300w, https:\/\/www.parigihotel.it\/wp-content\/uploads\/2021\/01\/Villa_manin_parco_fiori-768x432.jpg 768w, https:\/\/www.parigihotel.it\/wp-content\/uploads\/2021\/01\/Villa_manin_parco_fiori.jpg 1417w\" sizes=\"auto, (max-width: 1024px) 100vw, 1024px\" \/><\/figure><\/li><li class=\"blocks-gallery-item\"><figure><img loading=\"lazy\" decoding=\"async\" width=\"1024\" height=\"537\" src=\"https:\/\/parigihotel.it\/wp-content\/uploads\/2021\/01\/Villa_manin_scorcio-1024x537.jpg\" alt=\"\" data-id=\"408\" data-full-url=\"https:\/\/parigihotel.it\/wp-content\/uploads\/2021\/01\/Villa_manin_scorcio.jpg\" data-link=\"https:\/\/parigihotel.it\/it\/escursioni\/villa-manin\/villa_manin_scorcio\/\" class=\"wp-image-921\" srcset=\"https:\/\/www.parigihotel.it\/wp-content\/uploads\/2021\/01\/Villa_manin_scorcio-1024x537.jpg 1024w, https:\/\/www.parigihotel.it\/wp-content\/uploads\/2021\/01\/Villa_manin_scorcio-300x157.jpg 300w, https:\/\/www.parigihotel.it\/wp-content\/uploads\/2021\/01\/Villa_manin_scorcio-768x403.jpg 768w, https:\/\/www.parigihotel.it\/wp-content\/uploads\/2021\/01\/Villa_manin_scorcio-1536x806.jpg 1536w, https:\/\/www.parigihotel.it\/wp-content\/uploads\/2021\/01\/Villa_manin_scorcio-1568x822.jpg 1568w, https:\/\/www.parigihotel.it\/wp-content\/uploads\/2021\/01\/Villa_manin_scorcio.jpg 1575w\" sizes=\"auto, (max-width: 1024px) 100vw, 1024px\" \/><\/figure><\/li><li class=\"blocks-gallery-item\"><figure><img loading=\"lazy\" decoding=\"async\" width=\"880\" height=\"440\" src=\"https:\/\/parigihotel.it\/wp-content\/uploads\/2021\/01\/villa-manin.jpg\" alt=\"\" data-id=\"410\" data-full-url=\"https:\/\/parigihotel.it\/wp-content\/uploads\/2021\/01\/villa-manin.jpg\" data-link=\"https:\/\/parigihotel.it\/it\/escursioni\/villa-manin\/villa-manin\/\" class=\"wp-image-922 is-layout-flex wp-block-gallery-is-layout-flex\" srcset=\"https:\/\/www.parigihotel.it\/wp-content\/uploads\/2021\/01\/villa-manin.jpg 880w, https:\/\/www.parigihotel.it\/wp-content\/uploads\/2021\/01\/villa-manin-300x150.jpg 300w, https:\/\/www.parigihotel.it\/wp-content\/uploads\/2021\/01\/villa-manin-768x384.jpg 768w\" sizes=\"auto, (max-width: 880px) 100vw, 880px\" \/><\/figure><\/li><\/ul><\/figure>\n\n<\/div>\n<\/div><\/div>","protected":false},"excerpt":{"rendered":"<p>Einen Besuch ist die herrliche Villa Manin, die Sommerresidenz des letzten venezianischen Dogen, unbedingt wert: Sch\u00f6nheit, Geschichte und architektonische Vollkommenheit sind in dieser im 17. Jh. erbauten Adelsvilla vereint, die ein reizvoller Park mit B\u00e4umen aus aller Welt schm\u00fcckt.<\/p>\n","protected":false},"author":1,"featured_media":906,"template":"","meta":{"_acf_changed":false,"_uag_custom_page_level_css":"","advgb_blocks_editor_width":"","advgb_blocks_columns_visual_guide":"","footnotes":""},"class_list":["post-905","excursions","type-excursions","status-publish","has-post-thumbnail","hentry","entry"],"acf":[],"yoast_head":"<!-- This site is optimized with the Yoast SEO plugin v25.7 - https:\/\/yoast.com\/wordpress\/plugins\/seo\/ -->\n<title>Villa Manin | Hotel Parigi | Im zentrum Bibione und in strandn\u00e4he<\/title>\n<meta name=\"description\" content=\"Hotel Parigi offre e consiglia diverse escursioni e itinerari, per conoscere e godersi una vacanza tra spiaggia e arte. Scopri Villa Manin !\" \/>\n<meta name=\"robots\" content=\"index, follow, max-snippet:-1, max-image-preview:large, max-video-preview:-1\" \/>\n<link rel=\"canonical\" href=\"https:\/\/www.parigihotel.it\/de\/excursions\/villa-manin\/\" \/>\n<meta property=\"og:locale\" content=\"de_DE\" \/>\n<meta property=\"og:type\" content=\"article\" \/>\n<meta property=\"og:title\" content=\"Villa Manin | Hotel Parigi | Im zentrum Bibione und in strandn\u00e4he\" \/>\n<meta property=\"og:description\" content=\"Hotel Parigi offre e consiglia diverse escursioni e itinerari, per conoscere e godersi una vacanza tra spiaggia e arte. Scopri Villa Manin !\" \/>\n<meta property=\"og:url\" content=\"https:\/\/www.parigihotel.it\/de\/excursions\/villa-manin\/\" \/>\n<meta property=\"og:site_name\" content=\"Hotel Parigi\" \/>\n<meta property=\"article:modified_time\" content=\"2021-01-28T10:30:06+00:00\" \/>\n<meta property=\"og:image\" content=\"https:\/\/www.parigihotel.it\/wp-content\/uploads\/2021\/01\/Villa-Manin-P04.jpg\" \/>\n\t<meta property=\"og:image:width\" content=\"2400\" \/>\n\t<meta property=\"og:image:height\" content=\"700\" \/>\n\t<meta property=\"og:image:type\" content=\"image\/jpeg\" \/>\n<meta name=\"twitter:card\" content=\"summary_large_image\" \/>\n<meta name=\"twitter:label1\" content=\"Gesch\u00e4tzte Lesezeit\" \/>\n\t<meta name=\"twitter:data1\" content=\"2\u00a0Minuten\" \/>\n<script type=\"application\/ld+json\" class=\"yoast-schema-graph\">{\"@context\":\"https:\/\/schema.org\",\"@graph\":[{\"@type\":\"WebPage\",\"@id\":\"https:\/\/www.parigihotel.it\/de\/excursions\/villa-manin\/\",\"url\":\"https:\/\/www.parigihotel.it\/de\/excursions\/villa-manin\/\",\"name\":\"Villa Manin | Hotel Parigi | Im zentrum Bibione und in strandn\u00e4he\",\"isPartOf\":{\"@id\":\"https:\/\/www.parigihotel.it\/de\/#website\"},\"primaryImageOfPage\":{\"@id\":\"https:\/\/www.parigihotel.it\/de\/excursions\/villa-manin\/#primaryimage\"},\"image\":{\"@id\":\"https:\/\/www.parigihotel.it\/de\/excursions\/villa-manin\/#primaryimage\"},\"thumbnailUrl\":\"https:\/\/www.parigihotel.it\/wp-content\/uploads\/2021\/01\/Villa-Manin-P04.jpg\",\"datePublished\":\"2021-01-26T09:18:50+00:00\",\"dateModified\":\"2021-01-28T10:30:06+00:00\",\"description\":\"Hotel Parigi offre e consiglia diverse escursioni e itinerari, per conoscere e godersi una vacanza tra spiaggia e arte. Scopri Villa Manin !\",\"breadcrumb\":{\"@id\":\"https:\/\/www.parigihotel.it\/de\/excursions\/villa-manin\/#breadcrumb\"},\"inLanguage\":\"de\",\"potentialAction\":[{\"@type\":\"ReadAction\",\"target\":[\"https:\/\/www.parigihotel.it\/de\/excursions\/villa-manin\/\"]}]},{\"@type\":\"ImageObject\",\"inLanguage\":\"de\",\"@id\":\"https:\/\/www.parigihotel.it\/de\/excursions\/villa-manin\/#primaryimage\",\"url\":\"https:\/\/www.parigihotel.it\/wp-content\/uploads\/2021\/01\/Villa-Manin-P04.jpg\",\"contentUrl\":\"https:\/\/www.parigihotel.it\/wp-content\/uploads\/2021\/01\/Villa-Manin-P04.jpg\",\"width\":2400,\"height\":700},{\"@type\":\"BreadcrumbList\",\"@id\":\"https:\/\/www.parigihotel.it\/de\/excursions\/villa-manin\/#breadcrumb\",\"itemListElement\":[{\"@type\":\"ListItem\",\"position\":1,\"name\":\"Home\",\"item\":\"https:\/\/www.parigihotel.it\/de\/\"},{\"@type\":\"ListItem\",\"position\":2,\"name\":\"Villa Manin\"}]},{\"@type\":\"WebSite\",\"@id\":\"https:\/\/www.parigihotel.it\/de\/#website\",\"url\":\"https:\/\/www.parigihotel.it\/de\/\",\"name\":\"Hotel Parigi\",\"description\":\"Im zentrum Bibione und in strandn\u00e4he\",\"publisher\":{\"@id\":\"https:\/\/www.parigihotel.it\/de\/#organization\"},\"potentialAction\":[{\"@type\":\"SearchAction\",\"target\":{\"@type\":\"EntryPoint\",\"urlTemplate\":\"https:\/\/www.parigihotel.it\/de\/?s={search_term_string}\"},\"query-input\":{\"@type\":\"PropertyValueSpecification\",\"valueRequired\":true,\"valueName\":\"search_term_string\"}}],\"inLanguage\":\"de\"},{\"@type\":\"Organization\",\"@id\":\"https:\/\/www.parigihotel.it\/de\/#organization\",\"name\":\"Hotel Parigi - Bibione (VE)\",\"url\":\"https:\/\/www.parigihotel.it\/de\/\",\"logo\":{\"@type\":\"ImageObject\",\"inLanguage\":\"de\",\"@id\":\"https:\/\/www.parigihotel.it\/de\/#\/schema\/logo\/image\/\",\"url\":\"https:\/\/parigihotel.it\/wp-content\/uploads\/2021\/01\/logo-footer.png\",\"contentUrl\":\"https:\/\/parigihotel.it\/wp-content\/uploads\/2021\/01\/logo-footer.png\",\"width\":548,\"height\":148,\"caption\":\"Hotel Parigi - Bibione (VE)\"},\"image\":{\"@id\":\"https:\/\/www.parigihotel.it\/de\/#\/schema\/logo\/image\/\"}}]}<\/script>\n<!-- \/ Yoast SEO plugin. -->","yoast_head_json":{"title":"Villa Manin | Hotel Parigi | Im zentrum Bibione und in strandn\u00e4he","description":"Hotel Parigi offre e consiglia diverse escursioni e itinerari, per conoscere e godersi una vacanza tra spiaggia e arte. Scopri Villa Manin !","robots":{"index":"index","follow":"follow","max-snippet":"max-snippet:-1","max-image-preview":"max-image-preview:large","max-video-preview":"max-video-preview:-1"},"canonical":"https:\/\/www.parigihotel.it\/de\/excursions\/villa-manin\/","og_locale":"de_DE","og_type":"article","og_title":"Villa Manin | Hotel Parigi | Im zentrum Bibione und in strandn\u00e4he","og_description":"Hotel Parigi offre e consiglia diverse escursioni e itinerari, per conoscere e godersi una vacanza tra spiaggia e arte. Scopri Villa Manin !","og_url":"https:\/\/www.parigihotel.it\/de\/excursions\/villa-manin\/","og_site_name":"Hotel Parigi","article_modified_time":"2021-01-28T10:30:06+00:00","og_image":[{"width":2400,"height":700,"url":"https:\/\/www.parigihotel.it\/wp-content\/uploads\/2021\/01\/Villa-Manin-P04.jpg","type":"image\/jpeg"}],"twitter_card":"summary_large_image","twitter_misc":{"Gesch\u00e4tzte Lesezeit":"2\u00a0Minuten"},"schema":{"@context":"https:\/\/schema.org","@graph":[{"@type":"WebPage","@id":"https:\/\/www.parigihotel.it\/de\/excursions\/villa-manin\/","url":"https:\/\/www.parigihotel.it\/de\/excursions\/villa-manin\/","name":"Villa Manin | Hotel Parigi | Im zentrum Bibione und in strandn\u00e4he","isPartOf":{"@id":"https:\/\/www.parigihotel.it\/de\/#website"},"primaryImageOfPage":{"@id":"https:\/\/www.parigihotel.it\/de\/excursions\/villa-manin\/#primaryimage"},"image":{"@id":"https:\/\/www.parigihotel.it\/de\/excursions\/villa-manin\/#primaryimage"},"thumbnailUrl":"https:\/\/www.parigihotel.it\/wp-content\/uploads\/2021\/01\/Villa-Manin-P04.jpg","datePublished":"2021-01-26T09:18:50+00:00","dateModified":"2021-01-28T10:30:06+00:00","description":"Hotel Parigi offre e consiglia diverse escursioni e itinerari, per conoscere e godersi una vacanza tra spiaggia e arte. Scopri Villa Manin !","breadcrumb":{"@id":"https:\/\/www.parigihotel.it\/de\/excursions\/villa-manin\/#breadcrumb"},"inLanguage":"de","potentialAction":[{"@type":"ReadAction","target":["https:\/\/www.parigihotel.it\/de\/excursions\/villa-manin\/"]}]},{"@type":"ImageObject","inLanguage":"de","@id":"https:\/\/www.parigihotel.it\/de\/excursions\/villa-manin\/#primaryimage","url":"https:\/\/www.parigihotel.it\/wp-content\/uploads\/2021\/01\/Villa-Manin-P04.jpg","contentUrl":"https:\/\/www.parigihotel.it\/wp-content\/uploads\/2021\/01\/Villa-Manin-P04.jpg","width":2400,"height":700},{"@type":"BreadcrumbList","@id":"https:\/\/www.parigihotel.it\/de\/excursions\/villa-manin\/#breadcrumb","itemListElement":[{"@type":"ListItem","position":1,"name":"Home","item":"https:\/\/www.parigihotel.it\/de\/"},{"@type":"ListItem","position":2,"name":"Villa Manin"}]},{"@type":"WebSite","@id":"https:\/\/www.parigihotel.it\/de\/#website","url":"https:\/\/www.parigihotel.it\/de\/","name":"Hotel Parigi","description":"Im zentrum Bibione und in strandn\u00e4he","publisher":{"@id":"https:\/\/www.parigihotel.it\/de\/#organization"},"potentialAction":[{"@type":"SearchAction","target":{"@type":"EntryPoint","urlTemplate":"https:\/\/www.parigihotel.it\/de\/?s={search_term_string}"},"query-input":{"@type":"PropertyValueSpecification","valueRequired":true,"valueName":"search_term_string"}}],"inLanguage":"de"},{"@type":"Organization","@id":"https:\/\/www.parigihotel.it\/de\/#organization","name":"Hotel Parigi - Bibione (VE)","url":"https:\/\/www.parigihotel.it\/de\/","logo":{"@type":"ImageObject","inLanguage":"de","@id":"https:\/\/www.parigihotel.it\/de\/#\/schema\/logo\/image\/","url":"https:\/\/parigihotel.it\/wp-content\/uploads\/2021\/01\/logo-footer.png","contentUrl":"https:\/\/parigihotel.it\/wp-content\/uploads\/2021\/01\/logo-footer.png","width":548,"height":148,"caption":"Hotel Parigi - Bibione (VE)"},"image":{"@id":"https:\/\/www.parigihotel.it\/de\/#\/schema\/logo\/image\/"}}]}},"uagb_featured_image_src":{"full":["https:\/\/www.parigihotel.it\/wp-content\/uploads\/2021\/01\/Villa-Manin-P04.jpg",2400,700,false],"thumbnail":["https:\/\/www.parigihotel.it\/wp-content\/uploads\/2021\/01\/Villa-Manin-P04-150x150.jpg",150,150,true],"medium":["https:\/\/www.parigihotel.it\/wp-content\/uploads\/2021\/01\/Villa-Manin-P04-300x88.jpg",300,88,true],"medium_large":["https:\/\/www.parigihotel.it\/wp-content\/uploads\/2021\/01\/Villa-Manin-P04-768x224.jpg",750,219,true],"large":["https:\/\/www.parigihotel.it\/wp-content\/uploads\/2021\/01\/Villa-Manin-P04-1024x299.jpg",750,219,true],"1536x1536":["https:\/\/www.parigihotel.it\/wp-content\/uploads\/2021\/01\/Villa-Manin-P04-1536x448.jpg",1536,448,true],"2048x2048":["https:\/\/www.parigihotel.it\/wp-content\/uploads\/2021\/01\/Villa-Manin-P04-2048x597.jpg",2048,597,true],"post-thumbnail":["https:\/\/www.parigihotel.it\/wp-content\/uploads\/2021\/01\/Villa-Manin-P04-1568x457.jpg",1568,457,true]},"uagb_author_info":{"display_name":"h0t3l-p4r1","author_link":"https:\/\/www.parigihotel.it\/de\/author\/h0t3l-p4r1\/"},"uagb_comment_info":0,"uagb_excerpt":"Einen Besuch ist die herrliche Villa Manin, die Sommerresidenz des letzten venezianischen Dogen, unbedingt wert: Sch\u00f6nheit, Geschichte und architektonische Vollkommenheit sind in dieser im 17. Jh. erbauten Adelsvilla vereint, die ein reizvoller Park mit B\u00e4umen aus aller Welt schm\u00fcckt.","featured_img":"https:\/\/www.parigihotel.it\/wp-content\/uploads\/2021\/01\/Villa-Manin-P04-1568x457.jpg","coauthors":[],"author_meta":{"author_link":"https:\/\/www.parigihotel.it\/de\/author\/h0t3l-p4r1\/","display_name":"h0t3l-p4r1"},"relative_dates":{"created":"Posted 5\u00a0Jahren ago","modified":"Updated 5\u00a0Jahren ago"},"absolute_dates":{"created":"Posted on 26 Januar 2021","modified":"Updated on 28 Januar 2021"},"absolute_dates_time":{"created":"Posted on 26 Januar 2021 10:18","modified":"Updated on 28 Januar 2021 11:30"},"featured_img_caption":"","tax_additional":{"translation_priority":{"linked":["<a href=\"https:\/\/www.parigihotel.it\/de\/?taxonomy=translation_priority&#038;term=optional-de\" class=\"advgb-post-tax-term\">Optional<\/a>"],"unlinked":["<span class=\"advgb-post-tax-term\">Optional<\/span>"],"slug":"translation_priority","name":"\u00dcbersetzungspriorit\u00e4ten"}},"series_order":"","_links":{"self":[{"href":"https:\/\/www.parigihotel.it\/de\/wp-json\/wp\/v2\/excursions\/905","targetHints":{"allow":["GET"]}}],"collection":[{"href":"https:\/\/www.parigihotel.it\/de\/wp-json\/wp\/v2\/excursions"}],"about":[{"href":"https:\/\/www.parigihotel.it\/de\/wp-json\/wp\/v2\/types\/excursions"}],"author":[{"embeddable":true,"href":"https:\/\/www.parigihotel.it\/de\/wp-json\/wp\/v2\/users\/1"}],"version-history":[{"count":0,"href":"https:\/\/www.parigihotel.it\/de\/wp-json\/wp\/v2\/excursions\/905\/revisions"}],"wp:featuredmedia":[{"embeddable":true,"href":"https:\/\/www.parigihotel.it\/de\/wp-json\/wp\/v2\/media\/906"}],"wp:attachment":[{"href":"https:\/\/www.parigihotel.it\/de\/wp-json\/wp\/v2\/media?parent=905"}],"curies":[{"name":"wp","href":"https:\/\/api.w.org\/{rel}","templated":true}]}}